{"id":5731,"date":"2020-09-16T20:00:02","date_gmt":"2020-09-16T18:00:02","guid":{"rendered":"https:\/\/q1n54kp45c.onrocket.site\/expertise\/faseamento-da-detencao\/"},"modified":"2025-08-21T15:20:41","modified_gmt":"2025-08-21T13:20:41","slug":"faseamento-da-detencao","status":"publish","type":"expertise","link":"https:\/\/www.strafrechtadvocaten.nl\/pt-pt\/especializacao\/direito-penitenciario\/faseamento-da-detencao\/","title":{"rendered":"Faseamento da Deten\u00e7\u00e3o"},"content":{"rendered":"\n<h2 class=\"wp-block-heading\">O que \u00e9 o faseamento da deten\u00e7\u00e3o?<\/h2>\n\n<p>O faseamento da deten\u00e7\u00e3o significa que os detidos podem, gradualmente, obter mais liberdades \u00e0 medida que se aproxima o fim da sua deten\u00e7\u00e3o. Este faseamento precede a Liberta\u00e7\u00e3o Condicional (LC), se aplic\u00e1vel. Este \u201cfaseamento\u201d \u00e9 feito na pr\u00e1tica atrav\u00e9s da coloca\u00e7\u00e3o de detidos de uma institui\u00e7\u00e3o fechada para uma institui\u00e7\u00e3o com um n\u00edvel de seguran\u00e7a mais baixo. Se, como detido, cumprir todas as condi\u00e7\u00f5es legais, poder\u00e1 ser colocado progressivamente numa Institui\u00e7\u00e3o de Seguran\u00e7a Limitada (ISL) e numa Institui\u00e7\u00e3o de Seguran\u00e7a Muito Limitada (ISML). Popularmente, a ISL \u00e9 tamb\u00e9m designada por \u201ccampo semiaberto\u201d. A ISML \u00e9 tamb\u00e9m designada por \u201ccampo aberto\u201d. Al\u00e9m das sa\u00eddas em momentos fixos (<a href=\"https:\/\/www.strafrechtadvocaten.nl\/expertise\/penitentiair-recht\/verlof\/\">o chamado regime de licen\u00e7a<\/a>), estas institui\u00e7\u00f5es t\u00eam regras menos rigorosas do que uma pris\u00e3o \u201ccomum\u201d, por exemplo, no que diz respeito ao uso de um telem\u00f3vel.      <\/p>\n\n<h2 class=\"wp-block-heading\">Quais s\u00e3o as condi\u00e7\u00f5es para o faseamento da deten\u00e7\u00e3o?<\/h2>\n\n<p>O funcion\u00e1rio de sele\u00e7\u00e3o decide n\u00e3o s\u00f3 sobre a sua coloca\u00e7\u00e3o e transfer\u00eancia de e para uma <a href=\"https:\/\/www.strafrechtadvocaten.nl\/expertise\/penitentiair-recht\/\">IP (Institui\u00e7\u00e3o Penitenci\u00e1ria)<\/a>, mas tamb\u00e9m sobre o seu faseamento da deten\u00e7\u00e3o. Para ser eleg\u00edvel para o faseamento da deten\u00e7\u00e3o como detido, deve, no m\u00ednimo, cumprir uma s\u00e9rie de condi\u00e7\u00f5es. Em primeiro lugar, deve ter sido sempre promovido para o programa plus. Al\u00e9m disso, s\u00f3 pode representar um risco de fuga e social limitado, e o seu endere\u00e7o de licen\u00e7a deve ser aprovado.   <\/p>\n\n<h2 class=\"wp-block-heading\">A partir de que momento pode iniciar o faseamento da deten\u00e7\u00e3o?<\/h2>\n\n<p>Como detido, pode ser colocado numa ISL se o seu remanescente de pena for de, no m\u00e1ximo, dezoito meses. Para coloca\u00e7\u00e3o numa ISML, deve ter sido imposta uma pena de pris\u00e3o de, pelo menos, seis meses, dos quais tenha cumprido, no m\u00ednimo, metade (ou passado em pris\u00e3o preventiva). Al\u00e9m disso, deve ter um remanescente de pena \u201cbruto\u201d entre seis semanas e seis meses.  <\/p>\n\n<h2 class=\"wp-block-heading\">Pode solicitar o faseamento da deten\u00e7\u00e3o ao pr\u00f3prio funcion\u00e1rio de sele\u00e7\u00e3o?<\/h2>\n\n<p>Como detido, tem o direito de solicitar ao funcion\u00e1rio de sele\u00e7\u00e3o a participa\u00e7\u00e3o no faseamento da deten\u00e7\u00e3o. Deve, ent\u00e3o, apresentar uma peti\u00e7\u00e3o \u201cfundamentada\u201d. Deve, portanto, ser capaz de motivar bem porque deve ser eleg\u00edvel para o faseamento da deten\u00e7\u00e3o. Se o funcion\u00e1rio de sele\u00e7\u00e3o rejeitar o seu pedido de faseamento da deten\u00e7\u00e3o, pode recorrer desta decis\u00e3o para o RSJ. Os nossos advogados t\u00eam experi\u00eancia nestes procedimentos de recurso e sabem como defender os seus interesses da melhor forma. Se desejar <a href=\"https:\/\/www.strafrechtadvocaten.nl\/expertise\/beroep-rsj\/\">recorrer para o RSJ<\/a>, pode <a href=\"https:\/\/www.strafrechtadvocaten.nl\/contact-strafrechtadvocaat\/\">contactar-nos<\/a> a qualquer momento, sem compromisso.     <\/p>\n\n<h2 class=\"wp-block-heading\">Pode apresentar obje\u00e7\u00e3o ou recurso contra a cessa\u00e7\u00e3o do seu faseamento da deten\u00e7\u00e3o pelo funcion\u00e1rio de sele\u00e7\u00e3o?<\/h2>\n\n<p>O funcion\u00e1rio de sele\u00e7\u00e3o pode decidir pela cessa\u00e7\u00e3o do seu faseamento da deten\u00e7\u00e3o. Se n\u00e3o concordar com esta decis\u00e3o, pode apresentar uma obje\u00e7\u00e3o no prazo de sete dias. A lei exige que fundamente esta obje\u00e7\u00e3o com argumentos. O funcion\u00e1rio de sele\u00e7\u00e3o tomar\u00e1 ent\u00e3o uma nova decis\u00e3o sobre a sua obje\u00e7\u00e3o. Se o resultado do seu procedimento de obje\u00e7\u00e3o n\u00e3o levar ao resultado desejado, pode recorrer para o RSJ. Os nossos <a href=\"https:\/\/www.strafrechtadvocaten.nl\/advocaten\/\">advogados experientes<\/a> podem assisti-lo nestes procedimentos.     <\/p>\n\n<h2 class=\"wp-block-heading\">Por que \u00e9 aconselh\u00e1vel contratar um advogado para uma decis\u00e3o sobre o seu faseamento da deten\u00e7\u00e3o?<\/h2>\n\n<p>A lei imp\u00f5e requisitos legais tanto para o recurso como para a obje\u00e7\u00e3o. Por exemplo, ter\u00e1 de fundamentar bem porque n\u00e3o concorda com a decis\u00e3o sobre o seu faseamento da deten\u00e7\u00e3o. Al\u00e9m disso, deve ter em conta um prazo legal de sete dias. Se n\u00e3o concordar com uma decis\u00e3o sobre o seu faseamento da deten\u00e7\u00e3o, \u00e9 aconselh\u00e1vel contactar rapidamente um dos nossos especialistas. Um advogado criminal experiente pode aconselh\u00e1-lo sobre as possibilidades. Al\u00e9m disso, ajudamo-lo a apresentar uma obje\u00e7\u00e3o ou recurso. Gra\u00e7as a anos de experi\u00eancia, os nossos advogados sabem como aumentar significativamente as suas chances de sucesso nestes procedimentos. Contacte-nos sem compromisso.       <\/p>\n","protected":false},"parent":5796,"menu_order":0,"template":"","class_list":["post-5731","expertise","type-expertise","status-publish","hentry"],"_links":{"self":[{"href":"https:\/\/www.strafrechtadvocaten.nl\/pt-pt\/wp-json\/wp\/v2\/expertise\/5731","targetHints":{"allow":["GET"]}}],"collection":[{"href":"https:\/\/www.strafrechtadvocaten.nl\/pt-pt\/wp-json\/wp\/v2\/expertise"}],"about":[{"href":"https:\/\/www.strafrechtadvocaten.nl\/pt-pt\/wp-json\/wp\/v2\/types\/expertise"}],"up":[{"embeddable":true,"href":"https:\/\/www.strafrechtadvocaten.nl\/pt-pt\/wp-json\/wp\/v2\/expertise\/5796"}],"wp:attachment":[{"href":"https:\/\/www.strafrechtadvocaten.nl\/pt-pt\/wp-json\/wp\/v2\/media?parent=5731"}],"curies":[{"name":"wp","href":"https:\/\/api.w.org\/{rel}","templated":true}]}}